{"id":99055,"date":"2026-01-12T06:01:05","date_gmt":"2026-01-12T05:01:05","guid":{"rendered":"https:\/\/blogmaldito.com\/?page_id=99055"},"modified":"2026-06-30T08:03:51","modified_gmt":"2026-06-30T06:03:51","slug":"calendario-carreras-barcelona-cataluna-5k-10k-21k-42k","status":"publish","type":"page","link":"https:\/\/blogmaldito.com\/ca\/calendario-carreras-barcelona-cataluna-5k-10k-21k-42k\/","title":{"rendered":"Calendario carreras"},"content":{"rendered":"<div style=\"margin: 20px 0; font-family: sans-serif;\">\n<p><a href=\"https:\/\/blogmaldito.com\/ca\/2026\/01\/12\/calendario-de-carreras-de-barcelona-y-cataluna\/00-calendario-carreras-de-barcelona-cataluna-2026\/\" rel=\"attachment wp-att-99049\"><img data-recalc-dims=\"1\" loading=\"lazy\" decoding=\"async\" data-attachment-id=\"99049\" data-permalink=\"https:\/\/blogmaldito.com\/ca\/2026\/06\/23\/calendario-carreras-barcelona-cataluna\/00-calendario-carreras-de-barcelona-cataluna-2026\/\" data-orig-file=\"https:\/\/i0.wp.com\/blogmaldito.com\/wp-content\/uploads\/2026\/01\/00-CALENDARIO-CARRERAS-DE-BARCELONA-CATALUNA-2026.jpg?fit=1920%2C1920&amp;ssl=1\" data-orig-size=\"1920,1920\" data-comments-opened=\"1\" data-image-meta=\"{&quot;aperture&quot;:&quot;0&quot;,&quot;credit&quot;:&quot;&quot;,&quot;camera&quot;:&quot;&quot;,&quot;caption&quot;:&quot;&quot;,&quot;created_timestamp&quot;:&quot;0&quot;,&quot;copyright&quot;:&quot;&quot;,&quot;focal_length&quot;:&quot;0&quot;,&quot;iso&quot;:&quot;0&quot;,&quot;shutter_speed&quot;:&quot;0&quot;,&quot;title&quot;:&quot;&quot;,&quot;orientation&quot;:&quot;0&quot;}\" data-image-title=\"00 CALENDARIO CARRERAS DE BARCELONA CATALUNA 2026\" data-image-description=\"\" data-image-caption=\"\" data-large-file=\"https:\/\/i0.wp.com\/blogmaldito.com\/wp-content\/uploads\/2026\/01\/00-CALENDARIO-CARRERAS-DE-BARCELONA-CATALUNA-2026.jpg?fit=676%2C676&amp;ssl=1\" class=\"aligncenter wp-image-99049 size-full\" src=\"https:\/\/i0.wp.com\/blogmaldito.com\/wp-content\/uploads\/2026\/01\/00-CALENDARIO-CARRERAS-DE-BARCELONA-CATALUNA-2026.jpg?resize=676%2C676&#038;ssl=1\" alt=\"Calendario carreras Barcelona Catalu\u00f1a 5k \u00b7 10k \u00b7 21k \u00b7 42k\" width=\"676\" height=\"676\" title=\"\" srcset=\"https:\/\/i0.wp.com\/blogmaldito.com\/wp-content\/uploads\/2026\/01\/00-CALENDARIO-CARRERAS-DE-BARCELONA-CATALUNA-2026.jpg?w=1920&amp;ssl=1 1920w, https:\/\/i0.wp.com\/blogmaldito.com\/wp-content\/uploads\/2026\/01\/00-CALENDARIO-CARRERAS-DE-BARCELONA-CATALUNA-2026.jpg?resize=300%2C300&amp;ssl=1 300w, https:\/\/i0.wp.com\/blogmaldito.com\/wp-content\/uploads\/2026\/01\/00-CALENDARIO-CARRERAS-DE-BARCELONA-CATALUNA-2026.jpg?resize=1024%2C1024&amp;ssl=1 1024w, https:\/\/i0.wp.com\/blogmaldito.com\/wp-content\/uploads\/2026\/01\/00-CALENDARIO-CARRERAS-DE-BARCELONA-CATALUNA-2026.jpg?resize=150%2C150&amp;ssl=1 150w, https:\/\/i0.wp.com\/blogmaldito.com\/wp-content\/uploads\/2026\/01\/00-CALENDARIO-CARRERAS-DE-BARCELONA-CATALUNA-2026.jpg?resize=768%2C768&amp;ssl=1 768w, https:\/\/i0.wp.com\/blogmaldito.com\/wp-content\/uploads\/2026\/01\/00-CALENDARIO-CARRERAS-DE-BARCELONA-CATALUNA-2026.jpg?resize=1536%2C1536&amp;ssl=1 1536w, https:\/\/i0.wp.com\/blogmaldito.com\/wp-content\/uploads\/2026\/01\/00-CALENDARIO-CARRERAS-DE-BARCELONA-CATALUNA-2026.jpg?resize=676%2C676&amp;ssl=1 676w, https:\/\/i0.wp.com\/blogmaldito.com\/wp-content\/uploads\/2026\/01\/00-CALENDARIO-CARRERAS-DE-BARCELONA-CATALUNA-2026.jpg?w=1352&amp;ssl=1 1352w\" sizes=\"auto, (max-width: 676px) 100vw, 676px\" \/><\/a><\/p>\n<\/div>\n<h2 style=\"background-color: #000000; color: #ffffff; padding: 20px; border-radius: 5px; text-align: center;\"><span style=\"font-size: 21px; color: #ccffff;\"><a style=\"color: #ccffff;\" href=\"https:\/\/blogmaldito.com\/ca\/calendario-carreras-barcelona-cataluna-5k-10k-21k-42k\/\"><strong>\ud83d\udd17\u200bCalendario Carreras Barcelona Catalu\u00f1a<\/strong><\/a><\/span><\/h2>\n<p>El\u00a0<strong>calendario carreras Barcelona y Catalu\u00f1a urbanas y semiurbanas (5k, 10k, 21k, 42k)<\/strong> ya est\u00e1 aqu\u00ed. Disfrutadlo, discutirlo y, si pod\u00e9is, compartirlo \ud83d\ude42<\/p>\n<p><a href=\"http:\/\/blogmaldito.com\/ca\/2016\/04\/05\/elige-tu-propia-aventura-calendario-de-carreras-populares-5-y-10k\/separador-3-2\/\" rel=\"attachment wp-att-17374\"><img data-recalc-dims=\"1\" loading=\"lazy\" decoding=\"async\" data-attachment-id=\"17374\" data-permalink=\"https:\/\/blogmaldito.com\/ca\/2016\/04\/05\/elige-tu-propia-aventura-calendario-de-carreras-populares-5-y-10k\/separador-3-2\/\" data-orig-file=\"https:\/\/i0.wp.com\/blogmaldito.com\/wp-content\/uploads\/2016\/03\/separador-3.jpg?fit=800%2C9&amp;ssl=1\" data-orig-size=\"800,9\" data-comments-opened=\"1\" data-image-meta=\"{&quot;aperture&quot;:&quot;0&quot;,&quot;credit&quot;:&quot;&quot;,&quot;camera&quot;:&quot;&quot;,&quot;caption&quot;:&quot;&quot;,&quot;created_timestamp&quot;:&quot;0&quot;,&quot;copyright&quot;:&quot;&quot;,&quot;focal_length&quot;:&quot;0&quot;,&quot;iso&quot;:&quot;0&quot;,&quot;shutter_speed&quot;:&quot;0&quot;,&quot;title&quot;:&quot;&quot;,&quot;orientation&quot;:&quot;1&quot;}\" data-image-title=\"separador-3\" data-image-description=\"\" data-image-caption=\"\" data-large-file=\"https:\/\/i0.wp.com\/blogmaldito.com\/wp-content\/uploads\/2016\/03\/separador-3.jpg?fit=676%2C8&amp;ssl=1\" class=\"aligncenter size-full wp-image-17374\" src=\"https:\/\/i0.wp.com\/blogmaldito.com\/wp-content\/uploads\/2016\/03\/separador-3.jpg?resize=500%2C6&#038;ssl=1\" alt=\"\" width=\"500\" height=\"6\" title=\"\"><\/a><\/p>\n<p><!--more--><\/p>\n<hr \/>\n<h2 style=\"text-align: center;\"><iframe loading=\"lazy\" style=\"border: none; display: block;\" src=\"https:\/\/blogmaldito.github.io\/calendario-carreras\/mapa-carreras.html\" width=\"100%\" height=\"750\" frameborder=\"0\"><span data-mce-type=\"bookmark\" style=\"display: inline-block; width: 0px; overflow: hidden; line-height: 0;\" class=\"mce_SELRES_start\"><\/span><span data-mce-type=\"bookmark\" style=\"display: inline-block; width: 0px; overflow: hidden; line-height: 0;\" class=\"mce_SELRES_start\"><\/span><span data-mce-type=\"bookmark\" style=\"display: inline-block; width: 0px; overflow: hidden; line-height: 0;\" class=\"mce_SELRES_start\"><\/span><span data-mce-type=\"bookmark\" style=\"display: inline-block; width: 0px; overflow: hidden; line-height: 0;\" class=\"mce_SELRES_start\"><\/span><\/iframe><\/h2>\n<hr \/>\n<p><iframe loading=\"lazy\" style=\"border: none; display: block;\" src=\"https:\/\/blogmaldito.github.io\/calendario-carreras\/\" width=\"100%\" height=\"950\" frameborder=\"0\"><\/iframe><\/p>\n<hr \/>\n<p><span style=\"font-size: 18px;\">El <strong>calendario carreras de Barcelona y Catalu\u00f1a (5k, 10k, 21k, 42k)<\/strong> ahora ya no solo lo tienes en forma de lista sino que en breve te lo ofrecer\u00e9 en un <strong>mapa interactivo<\/strong> donde puedes filtrar la b\u00fasqueda por localidad y fecha (en la barra podr\u00e1s incluso limitar a un d\u00eda concreto). <\/span><\/p>\n<p><span style=\"font-size: 18px;\">Es un calendario de carreras que ya superan las 400, ya sean urbanas (100% asfalteras) y semi urbarnas (las que mezclan asfalto con pista de tierra sin llegar a ser trail) que estoy haciendo a mano a base de ir contactando con organiazdores, haciendo un exhaustivo repaso de los diferentes circuitos y plataformas de inscripciones y, claro, a\u00f1adiendo las que se me han escapado y vosotros me va\u00eds contando. Y este calendario se va actualizando cada semana para que no quede obsoleto.<\/span><\/p>\n<p><span style=\"font-size: 18px;\">Aqu\u00ed os doy las fechas <span style=\"color: #008000;\"><strong>confirmadas<\/strong><\/span>-en <strong><span style=\"color: #008000;\">verde<\/span><\/strong>&#8211; y las que o est\u00e1n <strong><span style=\"color: #ff6600;\">pendientes de confirmar<\/span><\/strong> o es la <strong><span style=\"color: #ff6600;\">fecha aproximada<\/span><\/strong> de celebraci\u00f3n -en <span style=\"color: #ff6600;\"><strong>naranja<\/strong><\/span>&#8211; para que os pod\u00edas montar vuestro propio calendario.\u00a0<\/span><\/p>\n<blockquote><p><span style=\"color: #000000; font-size: 16px;\">Y si os gusta lo que hago y quer\u00e9is estar al d\u00eda de los an\u00e1lisis de <strong>recorridos<\/strong>, <strong>calendarios<\/strong> de carreras, <strong>fotos<\/strong>, <strong>consejos<\/strong>, notas de <strong>humor<\/strong>&#8230; Pues ya sab\u00e9is, ten\u00e9is la opci\u00f3n de comentar, suscribiros al blog y seguidme en las redes.<\/span><\/p>\n<p style=\"text-align: center;\"><span style=\"color: #ff6600;\"><strong>Y por si te quieres suscribir a la newsletter de blogmaldito \ud83d\ude42<\/strong><\/span><\/p>\n<p style=\"text-align: center;\"><iframe loading=\"lazy\" style=\"border: 1px solid #EEE; background: white;\" src=\"https:\/\/blogmaldito.substack.com\/embed?minimal=true\" width=\"480\" height=\"150\" frameborder=\"0\" scrolling=\"no\" data-mce-fragment=\"1\"><\/iframe><\/p>\n<p style=\"text-align: center;\"><span style=\"font-size: 14px;\"><span style=\"color: #e01955;\"><strong><a style=\"color: #e01955;\" href=\"https:\/\/www.instagram.com\/blogmaldito\/\" target=\"_blank\" rel=\"noopener\">INSTAGRAM<\/a><\/strong>\u00a0<\/span>\u00b7 \u00a0<span style=\"color: #000000;\"><strong><a style=\"color: #000000;\" href=\"https:\/\/www.facebook.com\/Blogmaldito\" target=\"_blank\" rel=\"noopener\"><span style=\"color: #3366ff;\">FACEBOOK<\/span><\/a><\/strong><\/span> \u00b7\u00a0<span style=\"color: #000080;\"><strong><a style=\"color: #000080;\" href=\"https:\/\/t.me\/blogmaldito\">TELEGRAM<\/a><\/strong><\/span> \u00b7\u00a0<span style=\"color: #339966;\"><strong><a style=\"color: #339966;\" href=\"https:\/\/whatsapp.com\/channel\/0029Va8QAEf8PgsGnMrupi1r\" target=\"_blank\" rel=\"noopener\">WHATSAPP<\/a><\/strong><\/span><span style=\"color: #339966;\"><strong><span style=\"color: #333333;\">\u00a0\u00b7 <\/span><a href=\"https:\/\/www.strava.com\/athletes\/13414582\" target=\"_blank\" rel=\"noopener\"><span style=\"color: #ff6600;\">STRAVA<\/span><\/a><\/strong><\/span>\u00a0<\/span><\/p>\n<\/blockquote>\n<hr \/>\n<p style=\"text-align: center;\"><span style=\"font-size: 14px;\"><em>Blogmaldito es un blog con filosof\u00eda \u2018Non Profit\u2019. \u00bfQu\u00e9 significa esto? Que tengo como principio que todos los contenidos son para disfrutarlos con la condici\u00f3n de que no hagas un uso comercial e interesado de ellos. Todo lo hago como hobby y desde una perspectiva de corredor popular para el resto de corredores y amigos que me encuentro en las carreras.<\/em><\/span><\/p>\n<p style=\"text-align: center;\"><span style=\"font-size: 14px;\"><em>Justo por eso, ni puedo ni quiero ganar dinero con esto de correr. No acepto invitaciones, ni regalos. No estoy en venta. Para m\u00ed ya es un regalo que alguien se moleste en sacar un poco de tiempo al leerme y hablar de esta locura de flipados haciendo el cabra por las calles y las monta\u00f1as.<\/em><\/span><\/p>\n<hr \/>\n<p style=\"text-align: center;\">","protected":false},"excerpt":{"rendered":"<p>\ud83d\udd17\u200bCalendario Carreras Barcelona Catalu\u00f1a El\u00a0calendario carreras Barcelona y Catalu\u00f1a urbanas y semiurbanas (5k, 10k, 21k, 42k) ya est\u00e1 aqu\u00ed. Disfrutadlo, discutirlo y, si pod\u00e9is, compartirlo \ud83d\ude42<\/p>","protected":false},"author":5492619,"featured_media":99049,"parent":0,"menu_order":0,"comment_status":"closed","ping_status":"closed","template":"","meta":{"_wpcom_ai_launchpad_about_page":false,"_wpcom_ai_launchpad_gallery_page":false,"_wpcom_ai_launchpad_contact_page":false,"_wpcom_ai_launchpad_events_page":false,"_wpcom_ai_launchpad_video_page":false,"_wpcom_ai_launchpad_portfolio_piece":false,"footnotes":""},"class_list":["post-99055","page","type-page","status-publish","has-post-thumbnail","hentry"],"jetpack_likes_enabled":false,"jetpack_sharing_enabled":true,"jetpack_shortlink":"https:\/\/wp.me\/PNuBu-pLF","jetpack-related-posts":[{"id":107876,"url":"https:\/\/blogmaldito.com\/ca\/calendario-medio-maraton-21k-espana\/","url_meta":{"origin":99055,"position":0},"title":"Calendario 21k Espa\u00f1a","author":"David Blogmaldito","date":"agost 31, 2026","format":false,"excerpt":"\ud83d\udd17\u200bCalendario Medio Marat\u00f3n 21k Espa\u00f1a El\u00a0Calendario Medio Marat\u00f3n 21k Espa\u00f1a\u00a0ya est\u00e1 aqu\u00ed. Disfrutadlo, discutirlo y, si pod\u00e9is, compartirlo :) El Calendario de Medios Maratones 21k en Espa\u00f1a recoge todas las pruebas oficiales de 21 km celebradas en territorio espa\u00f1ol (Catalunya, Madrid, Andaluc\u00eda, Comunidad Valenciana, Pa\u00eds Vasco, Galicia...), clasificadas por provincias\u2026","rel":"","context":"Entrada similar","block_context":{"text":"Entrada similar","link":""},"img":{"alt_text":"calendario-medio-maraton-21k-espana-mapa","src":"https:\/\/i0.wp.com\/blogmaldito.com\/wp-content\/uploads\/2026\/08\/00-MAPA-CALENDARIO-CARRERAS-ESPANA-MEDIO-MARATON-21K-1.jpg?fit=1200%2C675&ssl=1&resize=350%2C200","width":350,"height":200,"srcset":"https:\/\/i0.wp.com\/blogmaldito.com\/wp-content\/uploads\/2026\/08\/00-MAPA-CALENDARIO-CARRERAS-ESPANA-MEDIO-MARATON-21K-1.jpg?fit=1200%2C675&ssl=1&resize=350%2C200 1x, https:\/\/i0.wp.com\/blogmaldito.com\/wp-content\/uploads\/2026\/08\/00-MAPA-CALENDARIO-CARRERAS-ESPANA-MEDIO-MARATON-21K-1.jpg?fit=1200%2C675&ssl=1&resize=525%2C300 1.5x, https:\/\/i0.wp.com\/blogmaldito.com\/wp-content\/uploads\/2026\/08\/00-MAPA-CALENDARIO-CARRERAS-ESPANA-MEDIO-MARATON-21K-1.jpg?fit=1200%2C675&ssl=1&resize=700%2C400 2x, https:\/\/i0.wp.com\/blogmaldito.com\/wp-content\/uploads\/2026\/08\/00-MAPA-CALENDARIO-CARRERAS-ESPANA-MEDIO-MARATON-21K-1.jpg?fit=1200%2C675&ssl=1&resize=1050%2C600 3x"},"classes":[]},{"id":58439,"url":"https:\/\/blogmaldito.com\/ca\/21k-media-maraton\/calendario-media-maraton\/","url_meta":{"origin":99055,"position":1},"title":"CALENDARIO 21K 2026","author":"David Blogmaldito","date":"febrer 27, 2021","format":false,"excerpt":"\u00b7 CALENDARIO \u00b7 MITJA DE SITGES ESTATUS: PROGRAMADA FECHA: 11 de enero \u00bfD\u00d3NDE? Sitges (Garraf) WEB CIRCUITO: F\u00e1cil - Medio - Exigente TIPO: Asfalto PRUEBAS: 21k. 10 \u00b7 5k HOMOLOGADA: S\u00ed AN\u00c1LISIS RECORRIDO \u00b7 GU\u00cdA \u00b7 CONSEJOS EXPR\u00c9S https:\/\/blogmaldito.com\/2026\/01\/07\/mitja-sitges-recorrido-consejos-fotos\/ La primera del a\u00f1o sirve tanto para hacer de test y\u2026","rel":"","context":"A &quot;Running&quot;","block_context":{"text":"Running","link":"https:\/\/blogmaldito.com\/ca\/category\/running\/"},"img":{"alt_text":"","src":"https:\/\/i0.wp.com\/blogmaldito.com\/wp-content\/uploads\/2026\/01\/CALENDARIO-21k-MITJA-MARATO-MEDIO-MARATON-2026-1.jpg?fit=1200%2C675&ssl=1&resize=350%2C200","width":350,"height":200,"srcset":"https:\/\/i0.wp.com\/blogmaldito.com\/wp-content\/uploads\/2026\/01\/CALENDARIO-21k-MITJA-MARATO-MEDIO-MARATON-2026-1.jpg?fit=1200%2C675&ssl=1&resize=350%2C200 1x, https:\/\/i0.wp.com\/blogmaldito.com\/wp-content\/uploads\/2026\/01\/CALENDARIO-21k-MITJA-MARATO-MEDIO-MARATON-2026-1.jpg?fit=1200%2C675&ssl=1&resize=525%2C300 1.5x, https:\/\/i0.wp.com\/blogmaldito.com\/wp-content\/uploads\/2026\/01\/CALENDARIO-21k-MITJA-MARATO-MEDIO-MARATON-2026-1.jpg?fit=1200%2C675&ssl=1&resize=700%2C400 2x, https:\/\/i0.wp.com\/blogmaldito.com\/wp-content\/uploads\/2026\/01\/CALENDARIO-21k-MITJA-MARATO-MEDIO-MARATON-2026-1.jpg?fit=1200%2C675&ssl=1&resize=1050%2C600 3x"},"classes":[]},{"id":57814,"url":"https:\/\/blogmaldito.com\/ca\/21k-media-maraton\/","url_meta":{"origin":99055,"position":2},"title":"Calendario 21k CAT","author":"David Blogmaldito","date":"febrer 27, 2021","format":false,"excerpt":"\u00b7 CALENDARIO \u00b7 \u00a0 MITJA PUIGCERD\u00c0 ESTATUS: PROGRAMADA FECHA: 18 de octubre \u00bfD\u00d3NDE? Puigcerd\u00e0 (La Cerdanya) WEB CIRCUITO: F\u00e1cil - Medio - Exigente TIPO: Asfalto PRUEBAS: 21k \u00b7 10k \u00b7 6k HOMOLOGADA: S\u00ed Una carrera con un circuito precioso (combinando casco urbano y caminos rurales) que destaca por correrse en\u2026","rel":"","context":"A &quot;Running&quot;","block_context":{"text":"Running","link":"https:\/\/blogmaldito.com\/ca\/category\/running\/"},"img":{"alt_text":"","src":"https:\/\/i0.wp.com\/blogmaldito.com\/wp-content\/uploads\/2026\/01\/CALENDARIO-21k-MITJA-MARATO-MEDIO-MARATON-2026-1.jpg?fit=1200%2C675&ssl=1&resize=350%2C200","width":350,"height":200,"srcset":"https:\/\/i0.wp.com\/blogmaldito.com\/wp-content\/uploads\/2026\/01\/CALENDARIO-21k-MITJA-MARATO-MEDIO-MARATON-2026-1.jpg?fit=1200%2C675&ssl=1&resize=350%2C200 1x, https:\/\/i0.wp.com\/blogmaldito.com\/wp-content\/uploads\/2026\/01\/CALENDARIO-21k-MITJA-MARATO-MEDIO-MARATON-2026-1.jpg?fit=1200%2C675&ssl=1&resize=525%2C300 1.5x, https:\/\/i0.wp.com\/blogmaldito.com\/wp-content\/uploads\/2026\/01\/CALENDARIO-21k-MITJA-MARATO-MEDIO-MARATON-2026-1.jpg?fit=1200%2C675&ssl=1&resize=700%2C400 2x, https:\/\/i0.wp.com\/blogmaldito.com\/wp-content\/uploads\/2026\/01\/CALENDARIO-21k-MITJA-MARATO-MEDIO-MARATON-2026-1.jpg?fit=1200%2C675&ssl=1&resize=1050%2C600 3x"},"classes":[]},{"id":38347,"url":"https:\/\/blogmaldito.com\/ca\/38347-2\/","url_meta":{"origin":99055,"position":3},"title":"CONTACTO","author":"David Blogmaldito","date":"maig 14, 2018","format":false,"excerpt":"Pues ya sabes, de qu\u00e9 va esto. Cualquier tipo de duda, de consulta o de aporte que quieras hacerme puedes hacerlo rellenado la ficha de abajo.\u00a0Yo, encantado de ayudarte :) Y si os gusta lo que hago y quer\u00e9is estar al d\u00eda de los an\u00e1lisis de recorridos, calendarios de carreras,\u2026","rel":"","context":"Entrada similar","block_context":{"text":"Entrada similar","link":""},"img":{"alt_text":"","src":"","width":0,"height":0},"classes":[]},{"id":55497,"url":"https:\/\/blogmaldito.com\/ca\/clubs-de-trail-y-running\/barcelona\/barcelones\/","url_meta":{"origin":99055,"position":4},"title":"BARCELON\u00c8S","author":"David Blogmaldito","date":"febrer 1, 2021","format":false,"excerpt":"__ BARCELONA ACTIVE WINNERS ADIDAS RUNNERS AMISI AGRUPACI\u00d3 ATL\u00c8TICA CATALUNYA ANDRERUNNERS AOS TEAM ASHIRUNNITY ASME ASICS RUNNING CLUB ATLES ESPORT BARCELONA ATLETISME BARCELONA CASUAL RUNNERS BARCELONA RUNNING CLUB BARCELONA VOLUNTARIA BC TEAM BCN TRAIL RUNNERS BEER RUNNERS \/BARCELONA ACE BOMBERS BARCELONA BUNICUS LA CABRA MONTESA CEC CATALUNYA CN CATALUNYA CLAROR\u2026","rel":"","context":"Entrada similar","block_context":{"text":"Entrada similar","link":""},"img":{"alt_text":"","src":"https:\/\/i0.wp.com\/blogmaldito.com\/wp-content\/uploads\/2021\/02\/cabecera-entrada-clubs-running-barcelones.jpg?fit=1200%2C628&ssl=1&resize=350%2C200","width":350,"height":200,"srcset":"https:\/\/i0.wp.com\/blogmaldito.com\/wp-content\/uploads\/2021\/02\/cabecera-entrada-clubs-running-barcelones.jpg?fit=1200%2C628&ssl=1&resize=350%2C200 1x, https:\/\/i0.wp.com\/blogmaldito.com\/wp-content\/uploads\/2021\/02\/cabecera-entrada-clubs-running-barcelones.jpg?fit=1200%2C628&ssl=1&resize=525%2C300 1.5x, https:\/\/i0.wp.com\/blogmaldito.com\/wp-content\/uploads\/2021\/02\/cabecera-entrada-clubs-running-barcelones.jpg?fit=1200%2C628&ssl=1&resize=700%2C400 2x, https:\/\/i0.wp.com\/blogmaldito.com\/wp-content\/uploads\/2021\/02\/cabecera-entrada-clubs-running-barcelones.jpg?fit=1200%2C628&ssl=1&resize=1050%2C600 3x"},"classes":[]},{"id":7220,"url":"https:\/\/blogmaldito.com\/ca\/seleccion-de-favoritas\/runningrafias\/","url_meta":{"origin":99055,"position":5},"title":"Runningraf\u00edas","author":"David Blogmaldito","date":"juny 17, 2014","format":false,"excerpt":"...O el arte de\u00a0esconder las pocas ganas de\u00a0escribir con una sucesi\u00f3n de dibujos. *Haz click encima de cada imagen para ir al art\u00edculo correspondiente. _ _ _ _ _ _ Grafismos imposibles si no me apoyase en: pictogram-free,pictogram2,\u00a0devianart,\u00a0icona archive,\u00a0felttip,\u00a0bodet-time, wallpaperswide, iconfinder, clker, pixabay,\u00a0easy-vectors. Icons made by Freepik from www.flaticon.com is\u2026","rel":"","context":"Amb 5 comentaris","block_context":{"text":"Amb 5 comentaris","link":"https:\/\/blogmaldito.com\/ca\/seleccion-de-favoritas\/runningrafias\/#comments"},"img":{"alt_text":"","src":"https:\/\/i0.wp.com\/blogmaldito.com\/wp-content\/uploads\/2022\/05\/c578bb17-5146-4b7e-b2f6-c5118ec7a4ed.jpg?resize=350%2C200&ssl=1","width":350,"height":200},"classes":[]}],"rttpg_featured_image_url":{"full":["https:\/\/i0.wp.com\/blogmaldito.com\/wp-content\/uploads\/2026\/01\/00-CALENDARIO-CARRERAS-DE-BARCELONA-CATALUNA-2026.jpg?fit=1920%2C1920&ssl=1",1920,1920,false],"landscape":["https:\/\/blogmaldito.com\/wp-content\/uploads\/2026\/01\/00-CALENDARIO-CARRERAS-DE-BARCELONA-CATALUNA-2026.jpg",1920,1920,false],"portraits":["https:\/\/blogmaldito.com\/wp-content\/uploads\/2026\/01\/00-CALENDARIO-CARRERAS-DE-BARCELONA-CATALUNA-2026.jpg",1920,1920,false],"thumbnail":["https:\/\/i0.wp.com\/blogmaldito.com\/wp-content\/uploads\/2026\/01\/00-CALENDARIO-CARRERAS-DE-BARCELONA-CATALUNA-2026.jpg?fit=150%2C150&ssl=1",150,150,true],"medium":["https:\/\/i0.wp.com\/blogmaldito.com\/wp-content\/uploads\/2026\/01\/00-CALENDARIO-CARRERAS-DE-BARCELONA-CATALUNA-2026.jpg?fit=300%2C300&ssl=1",300,300,true],"large":["https:\/\/i0.wp.com\/blogmaldito.com\/wp-content\/uploads\/2026\/01\/00-CALENDARIO-CARRERAS-DE-BARCELONA-CATALUNA-2026.jpg?fit=676%2C676&ssl=1",676,676,true],"1536x1536":["https:\/\/i0.wp.com\/blogmaldito.com\/wp-content\/uploads\/2026\/01\/00-CALENDARIO-CARRERAS-DE-BARCELONA-CATALUNA-2026.jpg?fit=1536%2C1536&ssl=1",1536,1536,true],"2048x2048":["https:\/\/i0.wp.com\/blogmaldito.com\/wp-content\/uploads\/2026\/01\/00-CALENDARIO-CARRERAS-DE-BARCELONA-CATALUNA-2026.jpg?fit=1920%2C1920&ssl=1",1920,1920,true],"trp-custom-language-flag":["https:\/\/i0.wp.com\/blogmaldito.com\/wp-content\/uploads\/2026\/01\/00-CALENDARIO-CARRERAS-DE-BARCELONA-CATALUNA-2026.jpg?fit=12%2C12&ssl=1",12,12,true],"smart-post-landscape":["https:\/\/i0.wp.com\/blogmaldito.com\/wp-content\/uploads\/2026\/01\/00-CALENDARIO-CARRERAS-DE-BARCELONA-CATALUNA-2026.jpg?resize=870%2C570&ssl=1",870,570,true],"smart-post-portrait":["https:\/\/i0.wp.com\/blogmaldito.com\/wp-content\/uploads\/2026\/01\/00-CALENDARIO-CARRERAS-DE-BARCELONA-CATALUNA-2026.jpg?resize=600%2C900&ssl=1",600,900,true],"newspack-article-block-landscape-large":["https:\/\/i0.wp.com\/blogmaldito.com\/wp-content\/uploads\/2026\/01\/00-CALENDARIO-CARRERAS-DE-BARCELONA-CATALUNA-2026.jpg?resize=1200%2C900&ssl=1",1200,900,true],"newspack-article-block-portrait-large":["https:\/\/i0.wp.com\/blogmaldito.com\/wp-content\/uploads\/2026\/01\/00-CALENDARIO-CARRERAS-DE-BARCELONA-CATALUNA-2026.jpg?resize=900%2C1200&ssl=1",900,1200,true],"newspack-article-block-square-large":["https:\/\/i0.wp.com\/blogmaldito.com\/wp-content\/uploads\/2026\/01\/00-CALENDARIO-CARRERAS-DE-BARCELONA-CATALUNA-2026.jpg?resize=1200%2C1200&ssl=1",1200,1200,true],"newspack-article-block-landscape-medium":["https:\/\/i0.wp.com\/blogmaldito.com\/wp-content\/uploads\/2026\/01\/00-CALENDARIO-CARRERAS-DE-BARCELONA-CATALUNA-2026.jpg?resize=800%2C600&ssl=1",800,600,true],"newspack-article-block-portrait-medium":["https:\/\/i0.wp.com\/blogmaldito.com\/wp-content\/uploads\/2026\/01\/00-CALENDARIO-CARRERAS-DE-BARCELONA-CATALUNA-2026.jpg?resize=600%2C800&ssl=1",600,800,true],"newspack-article-block-square-medium":["https:\/\/i0.wp.com\/blogmaldito.com\/wp-content\/uploads\/2026\/01\/00-CALENDARIO-CARRERAS-DE-BARCELONA-CATALUNA-2026.jpg?resize=800%2C800&ssl=1",800,800,true],"newspack-article-block-landscape-intermediate":["https:\/\/i0.wp.com\/blogmaldito.com\/wp-content\/uploads\/2026\/01\/00-CALENDARIO-CARRERAS-DE-BARCELONA-CATALUNA-2026.jpg?resize=600%2C450&ssl=1",600,450,true],"newspack-article-block-portrait-intermediate":["https:\/\/i0.wp.com\/blogmaldito.com\/wp-content\/uploads\/2026\/01\/00-CALENDARIO-CARRERAS-DE-BARCELONA-CATALUNA-2026.jpg?resize=450%2C600&ssl=1",450,600,true],"newspack-article-block-square-intermediate":["https:\/\/i0.wp.com\/blogmaldito.com\/wp-content\/uploads\/2026\/01\/00-CALENDARIO-CARRERAS-DE-BARCELONA-CATALUNA-2026.jpg?resize=600%2C600&ssl=1",600,600,true],"newspack-article-block-landscape-small":["https:\/\/i0.wp.com\/blogmaldito.com\/wp-content\/uploads\/2026\/01\/00-CALENDARIO-CARRERAS-DE-BARCELONA-CATALUNA-2026.jpg?resize=400%2C300&ssl=1",400,300,true],"newspack-article-block-portrait-small":["https:\/\/i0.wp.com\/blogmaldito.com\/wp-content\/uploads\/2026\/01\/00-CALENDARIO-CARRERAS-DE-BARCELONA-CATALUNA-2026.jpg?resize=300%2C400&ssl=1",300,400,true],"newspack-article-block-square-small":["https:\/\/i0.wp.com\/blogmaldito.com\/wp-content\/uploads\/2026\/01\/00-CALENDARIO-CARRERAS-DE-BARCELONA-CATALUNA-2026.jpg?resize=400%2C400&ssl=1",400,400,true],"newspack-article-block-landscape-tiny":["https:\/\/i0.wp.com\/blogmaldito.com\/wp-content\/uploads\/2026\/01\/00-CALENDARIO-CARRERAS-DE-BARCELONA-CATALUNA-2026.jpg?resize=200%2C150&ssl=1",200,150,true],"newspack-article-block-portrait-tiny":["https:\/\/i0.wp.com\/blogmaldito.com\/wp-content\/uploads\/2026\/01\/00-CALENDARIO-CARRERAS-DE-BARCELONA-CATALUNA-2026.jpg?resize=150%2C200&ssl=1",150,200,true],"newspack-article-block-square-tiny":["https:\/\/i0.wp.com\/blogmaldito.com\/wp-content\/uploads\/2026\/01\/00-CALENDARIO-CARRERAS-DE-BARCELONA-CATALUNA-2026.jpg?resize=200%2C200&ssl=1",200,200,true],"newspack-article-block-uncropped":["https:\/\/i0.wp.com\/blogmaldito.com\/wp-content\/uploads\/2026\/01\/00-CALENDARIO-CARRERAS-DE-BARCELONA-CATALUNA-2026.jpg?fit=1200%2C1200&ssl=1",1200,1200,true],"hemingway-rewritten-featured":["https:\/\/i0.wp.com\/blogmaldito.com\/wp-content\/uploads\/2026\/01\/00-CALENDARIO-CARRERAS-DE-BARCELONA-CATALUNA-2026.jpg?fit=676%2C676&ssl=1",676,676,true],"hemingway-rewritten-header":["https:\/\/i0.wp.com\/blogmaldito.com\/wp-content\/uploads\/2026\/01\/00-CALENDARIO-CARRERAS-DE-BARCELONA-CATALUNA-2026.jpg?resize=1280%2C416&ssl=1",1280,416,true]},"rttpg_author":{"display_name":"David Blogmaldito","author_link":"https:\/\/blogmaldito.com\/ca\/author\/dabit\/"},"rttpg_comment":0,"rttpg_category":null,"rttpg_excerpt":"\ud83d\udd17\u200bCalendario Carreras Barcelona Catalu\u00f1a El\u00a0calendario carreras Barcelona y Catalu\u00f1a urbanas y semiurbanas (5k, 10k, 21k, 42k) ya est\u00e1 aqu\u00ed. Disfrutadlo, discutirlo y, si pod\u00e9is, compartirlo \ud83d\ude42","_links":{"self":[{"href":"https:\/\/blogmaldito.com\/ca\/wp-json\/wp\/v2\/pages\/99055","targetHints":{"allow":["GET"]}}],"collection":[{"href":"https:\/\/blogmaldito.com\/ca\/wp-json\/wp\/v2\/pages"}],"about":[{"href":"https:\/\/blogmaldito.com\/ca\/wp-json\/wp\/v2\/types\/page"}],"author":[{"embeddable":true,"href":"https:\/\/blogmaldito.com\/ca\/wp-json\/wp\/v2\/users\/5492619"}],"replies":[{"embeddable":true,"href":"https:\/\/blogmaldito.com\/ca\/wp-json\/wp\/v2\/comments?post=99055"}],"version-history":[{"count":33,"href":"https:\/\/blogmaldito.com\/ca\/wp-json\/wp\/v2\/pages\/99055\/revisions"}],"predecessor-version":[{"id":106346,"href":"https:\/\/blogmaldito.com\/ca\/wp-json\/wp\/v2\/pages\/99055\/revisions\/106346"}],"wp:featuredmedia":[{"embeddable":true,"href":"https:\/\/blogmaldito.com\/ca\/wp-json\/wp\/v2\/media\/99049"}],"wp:attachment":[{"href":"https:\/\/blogmaldito.com\/ca\/wp-json\/wp\/v2\/media?parent=99055"}],"curies":[{"name":"wp","href":"https:\/\/api.w.org\/{rel}","templated":true}]}}